{"id":17054,"date":"2013-11-10T15:58:39","date_gmt":"2013-11-10T14:58:39","guid":{"rendered":"https:\/\/tax-austria.at\/?page_id=17054"},"modified":"2023-08-25T11:46:09","modified_gmt":"2023-08-25T09:46:09","slug":"extension-de-responsabilidad","status":"publish","type":"page","link":"https:\/\/tax-austria.at\/es\/extension-de-responsabilidad\/","title":{"rendered":"Extensi\u00f3n de Responsabilidad"},"content":{"rendered":"<h2>Extensi\u00f3n de Responsabilidad y derechos de autor<\/h2>\n<p><strong>Direcci\u00f3n: Estudio contable econ\u00f3mico y fiscal<\/strong><br \/>\n<strong>Lic. Otti<\/strong> Josefsgasse 7 1080 Wien, Austria<br \/>\n\u00a9right; Mag. Renate Otti<\/p>\n<p><strong>Tel:<\/strong> +43 1 22 88 700 <strong>Fax:<\/strong> +43 1 22 88 700 &#8211; 90 <strong>Celular: <\/strong>+43 (0) 676 915 16 00<\/p>\n<p><strong>Directora general: <\/strong>Licenciada Renate Otti<br \/>\n<strong>Correo electr\u00f3nico: <\/strong><a href=\"mailto:office@tax-austria.at\">mailto:office@tax-austria.at<\/a><br \/>\nMiembro de la C\u00e1mara de Comercio (WT-Code:212436)<br \/>\nCourt-appointed Expert<br \/>\nN\u00ba de IVA: ATU60182313<\/p>\n<p><a href=\"http:\/\/www.cfe-eutax.org\/register\/advisor\/936\" target=\"_blank\" rel=\"noopener noreferrer nofollow\">member of european register of tax advisers<\/a><\/p>\n<p>La Asesora Fiscal Renate Otti selecciona la informaci\u00f3n proporcionada en el sitio de la red con el m\u00e1ximo cuidado y actualiza el contenido de forma continua. Asesora Fiscal Renate Otti se desvincula expl\u00edcitamente de su responsabilidad por informaci\u00f3n incorrecta o reproducida en forma incompleta (incluyendo la responsabilidad hacia terceros) De la misma manera no asume responsabilidad por el contenido de las p\u00e1ginas de terceros a las que se pueda acceder a trav\u00e9s de los enlaces de \u00e9sta p\u00e1gina.<br \/>\nEl contenido de ese sitio en la red puede ser cambiado en cualquier momento sin previo aviso. Todo el contenido de esta p\u00e1gina de internet est\u00e1 protegido por derechos de autor. Todos los derechos est\u00e1n reservados. Cualquier uso requiere la autorizaci\u00f3n expresa de la Asesora Fiscal Renate Otti y \/ o los respectivos propietarios de los derechos de autor.<\/p>\n<h2>Information &amp; Media Design, Social Media Marketing, Content Marketing, Search Engine Optimization and Webdevelopment<\/h2>\n<p><strong>Mag. Silvia Brantner, MSc<br \/>\n<\/strong><a href=\"http:\/\/interaktiv.wien\" rel=\"nofollow noopener\" target=\"_blank\">interaktiv.wien<\/a><br \/>\nDigital Marketing Agency &amp; Information Technology<br \/>\nMarokkanergasse 14\/12<br \/>\nA-1030 Wien<br \/>\n<strong>Email:<\/strong> <a href=\"mailto:silvia.brantner@interaktiv.wien\">silvia.brantner@interaktiv.wien<\/a><br \/>\n<strong>Mobil:<\/strong> 0664-5185891<\/p>\n<h2>Images<\/h2>\n<p>Images \u00a9 apcefoto at Fotolia.com, \u00a9 radulep at Fotolia.com, \u00a9 shock at Fotolia.com, \u00a9 DOC RABE Media at Fotolia.com, \u00a9 detailblick at Fotolia.com, \u00a9 singkham at Fotolia.com, \u00a9 Gina Sanders at Fotolia.com, \u00a9 white at Fotolia.com, \u00a9 Adam Gregor at Fotolia.com, \u00a9 FM2 at Fotolia.com, \u00a9 mapichai at Fotolia.com, \u00a9 RVNW at Fotolia.com, \u00a9 apops at Fotolia.com, \u00a9 macgyverhh at Fotolia.com, \u00a9 Maksym Yemelyanov at Fotolia.com, \u00a9 Julien Eichinger at Fotolia.com,\u00a0\u00a9 photo 5000 at Fotolia.com, \u00a9 fabstyle at Fotolia.com,\u00a0\u00a9 Serghei Velusceac at Fotolia.com, \u00a9 stokkete at Fotolia.com, \u00a9 victorptorres at Fotolia.com, \u00a9 Eisenhans at Fotolia.com, \u00a9 Mimi Potter at Fotolia.com, \u00a9 ESCALA at Fotolia.com<br \/>\nFotos News &amp; Slider Startpage<\/p>\n<p>\u00a9 abcmedia at Fotolia.com Foto Hotline &amp; Slider Startpage<\/p>\n<p>Image courtesy of Stuart Miles, Dan, photostock, stockimages at FreeDigitalPhotos.net<br \/>\nFotos News &amp; Slider Startpage<\/p>\n","protected":false},"excerpt":{"rendered":"<p>Extensi\u00f3n de Responsabilidad y derechos de autor Direcci\u00f3n: Estudio contable econ\u00f3mico y fiscal Lic. Otti Josefsgasse 7 1080 Wien, Austria \u00a9right; Mag. Renate Otti Tel: +43 1 22 88 700 Fax: +43 1 22 88 700 &#8211; 90 Celular: +43 (0) 676 915 16 00 Directora general: Licenciada Renate Otti Correo electr\u00f3nico: mailto:office@tax-austria.at Miembro de&hellip;&nbsp;<\/p>\n","protected":false},"author":7,"featured_media":0,"parent":0,"menu_order":0,"comment_status":"closed","ping_status":"closed","template":"","meta":{"neve_meta_sidebar":"full-width","neve_meta_container":"","neve_meta_enable_content_width":"off","neve_meta_content_width":100,"neve_meta_title_alignment":"","neve_meta_author_avatar":"","neve_post_elements_order":"","neve_meta_disable_header":"","neve_meta_disable_footer":"","neve_meta_disable_title":"","neve_meta_reading_time":"","_themeisle_gutenberg_block_has_review":false,"_ti_tpc_template_sync":false,"_ti_tpc_template_id":"","footnotes":""},"class_list":["post-17054","page","type-page","status-publish","hentry"],"_links":{"self":[{"href":"https:\/\/tax-austria.at\/es\/wp-json\/wp\/v2\/pages\/17054","targetHints":{"allow":["GET"]}}],"collection":[{"href":"https:\/\/tax-austria.at\/es\/wp-json\/wp\/v2\/pages"}],"about":[{"href":"https:\/\/tax-austria.at\/es\/wp-json\/wp\/v2\/types\/page"}],"author":[{"embeddable":true,"href":"https:\/\/tax-austria.at\/es\/wp-json\/wp\/v2\/users\/7"}],"replies":[{"embeddable":true,"href":"https:\/\/tax-austria.at\/es\/wp-json\/wp\/v2\/comments?post=17054"}],"version-history":[{"count":1,"href":"https:\/\/tax-austria.at\/es\/wp-json\/wp\/v2\/pages\/17054\/revisions"}],"predecessor-version":[{"id":17055,"href":"https:\/\/tax-austria.at\/es\/wp-json\/wp\/v2\/pages\/17054\/revisions\/17055"}],"wp:attachment":[{"href":"https:\/\/tax-austria.at\/es\/wp-json\/wp\/v2\/media?parent=17054"}],"curies":[{"name":"wp","href":"https:\/\/api.w.org\/{rel}","templated":true}]}}